{"id":2,"date":"2015-04-16T07:52:15","date_gmt":"2015-04-16T07:52:15","guid":{"rendered":"http:\/\/www.rallyepaysdesaintyrieix.com\/?page_id=2"},"modified":"2025-02-18T09:58:09","modified_gmt":"2025-02-18T08:58:09","slug":"page-d-exemple","status":"publish","type":"page","link":"http:\/\/www.rallyepaysdesaintyrieix.com\/","title":{"rendered":"Accueil"},"content":{"rendered":"<table>\n<tbody>\n<tr>\n<td style=\"text-align: center;\"><a class=\"acces-live\" title=\"Live\" href=\"https:\/\/www.chronolive.fr\" target=\"_blank\" rel=\"noopener\">Live du 22e Rallye &#8211; V\u00e9hicules Modernes<\/a><\/td>\n<td style=\"text-align: center;\"><a class=\"acces-live\" title=\"Live\" href=\"https:\/\/www.chronolive.fr\" target=\"_blank\" rel=\"noopener\">Live du 22e Rallye &#8211; V\u00e9hicules Historiques de Comp\u00e9tition<\/a><\/td>\n<\/tr>\n<\/tbody>\n<\/table>\n<blockquote><p>Bienvenue sur le site de la 22\u00e8me \u00e9dition du Rallye du Pays de Saint-Yrieix, \u00e9preuve du championnat de France des rallyes 2\u00e8me division et pour la premi\u00e8re fois manche du championnat de France des rallyes VHC en collaboration avec <a title=\"http:\/\/www.asa-st-martial.fr\/\" href=\"http:\/\/www.asa-st-martial.fr\/\" target=\"_blank\" rel=\"noopener\">l&rsquo;Association &nbsp;Sportive Automobile Saint-Martial<\/a>.<\/p><\/blockquote>\n<p><img loading=\"lazy\" decoding=\"async\" class=\"aligncenter size-full wp-image-5735\" src=\"http:\/\/www.rallyepaysdesaintyrieix.com\/wp-content\/uploads\/2025\/02\/Flyer-Rallye-STY-2025.png\" alt=\"\" width=\"2481\" height=\"3508\" srcset=\"http:\/\/www.rallyepaysdesaintyrieix.com\/wp-content\/uploads\/2025\/02\/Flyer-Rallye-STY-2025.png 2481w, http:\/\/www.rallyepaysdesaintyrieix.com\/wp-content\/uploads\/2025\/02\/Flyer-Rallye-STY-2025-212x300.png 212w, http:\/\/www.rallyepaysdesaintyrieix.com\/wp-content\/uploads\/2025\/02\/Flyer-Rallye-STY-2025-724x1024.png 724w, http:\/\/www.rallyepaysdesaintyrieix.com\/wp-content\/uploads\/2025\/02\/Flyer-Rallye-STY-2025-768x1086.png 768w, http:\/\/www.rallyepaysdesaintyrieix.com\/wp-content\/uploads\/2025\/02\/Flyer-Rallye-STY-2025-1086x1536.png 1086w, http:\/\/www.rallyepaysdesaintyrieix.com\/wp-content\/uploads\/2025\/02\/Flyer-Rallye-STY-2025-1448x2048.png 1448w\" sizes=\"(max-width: 2481px) 100vw, 2481px\" \/><\/p>\n<table style=\"border-collapse: collapse; width: 14.5813%; height: 38px;\">\n<tbody>\n<tr>\n<td style=\"width: 7.14728%; text-align: center; vertical-align: middle;\"><a href=\"https:\/\/www.linkedin.com\/company\/rallye-du-pays-de-st-yrieix\/\"><img loading=\"lazy\" decoding=\"async\" class=\"aligncenter wp-image-5738\" src=\"http:\/\/www.rallyepaysdesaintyrieix.com\/wp-content\/uploads\/2025\/02\/icon-linkedin.png\" alt=\"\" width=\"33\" height=\"31\"><\/a><\/td>\n<td style=\"width: 6.94936%; text-align: center; vertical-align: middle;\"><a href=\"https:\/\/www.facebook.com\/groups\/1397737513812583\"><img loading=\"lazy\" decoding=\"async\" class=\"aligncenter wp-image-5739\" src=\"http:\/\/www.rallyepaysdesaintyrieix.com\/wp-content\/uploads\/2025\/02\/icon-facebook.png\" alt=\"\" width=\"14\" height=\"27\"><\/a><\/td>\n<td style=\"width: 8.17338%; text-align: center; vertical-align: middle;\"><img loading=\"lazy\" decoding=\"async\" class=\"aligncenter wp-image-5740\" src=\"http:\/\/www.rallyepaysdesaintyrieix.com\/wp-content\/uploads\/2025\/02\/icon-instagram.png\" alt=\"\" width=\"32\" height=\"32\"><\/td>\n<\/tr>\n<\/tbody>\n<\/table>\n","protected":false},"excerpt":{"rendered":"<p class=\"excerpt\">Live du 22e Rallye &#8211; V\u00e9hicules Modernes Live du 22e Rallye &#8211; V\u00e9hicules Historiques de Comp\u00e9tition Bienvenue sur le site de la 22\u00e8me \u00e9dition du Rallye du Pays de Saint-Yrieix, \u00e9preuve du championnat de France des rallyes 2\u00e8me division et pour la premi\u00e8re fois manche du championnat de France des rallyes VHC en collaboration avec l&rsquo;Association &nbsp;Sportive Automobile Saint-Martial.<\/p>\n<p class=\"more-link-p\"><a class=\"btn btn-default\" href=\"http:\/\/www.rallyepaysdesaintyrieix.com\/\">Read more<\/a><\/p>\n","protected":false},"author":1,"featured_media":0,"parent":0,"menu_order":0,"comment_status":"open","ping_status":"open","template":"","meta":{"ngg_post_thumbnail":0,"footnotes":""},"class_list":["post-2","page","type-page","status-publish","hentry"],"_links":{"self":[{"href":"http:\/\/www.rallyepaysdesaintyrieix.com\/index.php?rest_route=\/wp\/v2\/pages\/2"}],"collection":[{"href":"http:\/\/www.rallyepaysdesaintyrieix.com\/index.php?rest_route=\/wp\/v2\/pages"}],"about":[{"href":"http:\/\/www.rallyepaysdesaintyrieix.com\/index.php?rest_route=\/wp\/v2\/types\/page"}],"author":[{"embeddable":true,"href":"http:\/\/www.rallyepaysdesaintyrieix.com\/index.php?rest_route=\/wp\/v2\/users\/1"}],"replies":[{"embeddable":true,"href":"http:\/\/www.rallyepaysdesaintyrieix.com\/index.php?rest_route=%2Fwp%2Fv2%2Fcomments&post=2"}],"version-history":[{"count":108,"href":"http:\/\/www.rallyepaysdesaintyrieix.com\/index.php?rest_route=\/wp\/v2\/pages\/2\/revisions"}],"predecessor-version":[{"id":5745,"href":"http:\/\/www.rallyepaysdesaintyrieix.com\/index.php?rest_route=\/wp\/v2\/pages\/2\/revisions\/5745"}],"wp:attachment":[{"href":"http:\/\/www.rallyepaysdesaintyrieix.com\/index.php?rest_route=%2Fwp%2Fv2%2Fmedia&parent=2"}],"curies":[{"name":"wp","href":"https:\/\/api.w.org\/{rel}","templated":true}]}}