{"id":3975,"date":"2018-08-31T14:45:33","date_gmt":"2018-08-31T12:45:33","guid":{"rendered":"http:\/\/www.rallyepaysdesaintyrieix.com\/?page_id=3975"},"modified":"2025-09-16T09:47:11","modified_gmt":"2025-09-16T07:47:11","slug":"edition-2018","status":"publish","type":"page","link":"http:\/\/www.rallyepaysdesaintyrieix.com\/?page_id=3975","title":{"rendered":"Edition 2025"},"content":{"rendered":"<table>\n<tbody>\n<tr>\n<td style=\"text-align: center;\"><a class=\"acces-live\" title=\"Live\" href=\"https:\/\/www.chronolive.fr\/\" target=\"_blank\" rel=\"noopener\">Live du 21e Rallye &#8211; V\u00e9hicules Modernes<\/a><\/td>\n<td style=\"text-align: center;\"><a class=\"acces-live\" title=\"Live\" href=\"https:\/\/www.chronolive.fr\/\" target=\"_blank\" rel=\"noopener\">Live du 21e Rallye &#8211; V\u00e9hicules Historiques de Comp\u00e9tition<\/a><\/td>\n<\/tr>\n<\/tbody>\n<\/table>\n<blockquote><p>1- R\u00e8glements particuliers<\/p>\n<p style=\"padding-left: 30px;\">1.1 &#8211; <a href=\"http:\/\/www.rallyepaysdesaintyrieix.com\/wp-content\/uploads\/2025\/07\/Reglement-Particulier-Rallye-Moderne-2025-v2.pdf\">R\u00e8glement particulier V\u00e9hicules Modernes<\/a><\/p>\n<p style=\"padding-left: 30px;\">1.2 &#8211; <a href=\"http:\/\/www.rallyepaysdesaintyrieix.com\/wp-content\/uploads\/2025\/07\/Reglement-Particulier-Rallye-VHC-2025-v2.pdf\">R\u00e8glement particulier V\u00e9hicules Historiques de Comp\u00e9tition<\/a><\/p>\n<p style=\"padding-left: 30px;\">1.3 &#8211; <a href=\"http:\/\/www.rallyepaysdesaintyrieix.com\/wp-content\/uploads\/2025\/08\/CODE-SPORTITY-2025.jpg\">Information affichage officiel<\/a><\/p>\n<p style=\"padding-left: 30px;\">1.4 &#8211; <a href=\"http:\/\/www.rallyepaysdesaintyrieix.com\/wp-content\/uploads\/2025\/09\/Additif-Orga-n\u00b01-RPSY-2025-.pdf\">Additif Organisation No1<\/a><\/p>\n<p style=\"padding-left: 30px;\">1.5 &#8211; Additif Organisation No2<\/p>\n<p style=\"padding-left: 30px;\">1.6 &#8211; <a href=\"http:\/\/www.rallyepaysdesaintyrieix.com\/wp-content\/uploads\/2025\/09\/LIEUX-UTILES-2025.jpg\">Lieux utiles<\/a><\/p>\n<p>2- Additif<\/p>\n<p style=\"text-align: justify; padding-left: 30px;\">2.1 &#8211; <a href=\"https:\/\/engagement.ffsa.org\/Engagement\" target=\"_blank\" rel=\"noopener\">Bulletin&nbsp;d&rsquo;engagement<\/a><\/p>\n<p style=\"padding-left: 30px;\">2.2 &#8211; <a href=\"http:\/\/www.rallyepaysdesaintyrieix.com\/wp-content\/uploads\/2025\/07\/Fiche-denregistrement-des-equipements-de-securite.pdf\">Fiche enregistrement des \u00e9quipements de s\u00e9curit\u00e9<\/a><\/p>\n<p style=\"padding-left: 30px;\">2.3 &#8211; <a href=\"http:\/\/www.rallyepaysdesaintyrieix.com\/wp-content\/uploads\/2025\/07\/FICHE-RECONNAISSANCE.pdf\">Fiche reconnaissances<\/a><\/p>\n<p>3 &#8211; Fiche contact&nbsp;commissaire<\/p>\n<p style=\"padding-left: 30px;\"><a href=\"http:\/\/www.rallyepaysdesaintyrieix.com\/wp-content\/uploads\/2025\/02\/INSCRIPTION.pdf\" target=\"_blank\" rel=\"noopener\">Fiche contact&nbsp;commissaire<\/a><br \/>\nNote info commissaire<\/p>\n<p>4 &#8211;&nbsp;<a href=\"http:\/\/www.rallyepaysdesaintyrieix.com\/wp-content\/uploads\/2025\/08\/Formulaire-d-accreditation-media-2025-FFSA-ASA-St-Martial.pdf\">Accr\u00e9ditation M\u00e9dia<\/a><\/p>\n<p>5 &#8211; Note Information aux concurrents<\/p>\n<p>6 &#8211; Liste des engag\u00e9s &#8211; Heures de&nbsp;convocation &#8211; Parc d\u2019assistance (emplacements)<\/p>\n<p style=\"padding-left: 30px;\">V\u00e9hicules Modernes<\/p>\n<p style=\"padding-left: 60px;\">Liste des engag\u00e9s<br \/>\nHeures de&nbsp;convocation<\/p>\n<p style=\"padding-left: 30px;\">V\u00e9hicules Historiques de Comp\u00e9tition<\/p>\n<p style=\"padding-left: 60px;\">Liste des engag\u00e9s<br \/>\nHeures de&nbsp;convocation<\/p>\n<p style=\"padding-left: 30px;\">Parc d\u2019assistance (emplacements)<\/p>\n<p>7 &#8211; R\u00e9sultats<\/p>\n<p style=\"padding-left: 60px;\">Classement V\u00e9hicules Modernes<\/p>\n<p style=\"padding-left: 60px;\">Classement V\u00e9hicules Historiques de Comp\u00e9tition<\/p>\n<p>8 &#8211; Communiqu\u00e9s<\/p>\n<p style=\"padding-left: 30px;\">V\u00e9hicules Historiques de Comp\u00e9tition<\/p>\n<p style=\"padding-left: 60px;\">Communiqu\u00e9&nbsp;N\u00b01<\/p>\n<p style=\"padding-left: 30px;\">V\u00e9hicules Modernes<\/p>\n<p style=\"padding-left: 60px;\">Communiqu\u00e9&nbsp;N\u00b01<\/p>\n<p>&nbsp;<\/p><\/blockquote>\n","protected":false},"excerpt":{"rendered":"<p class=\"excerpt\">Live du 21e Rallye &#8211; V\u00e9hicules Modernes Live du 21e Rallye &#8211; V\u00e9hicules Historiques de Comp\u00e9tition 1- R\u00e8glements particuliers 1.1 &#8211; R\u00e8glement particulier V\u00e9hicules Modernes 1.2 &#8211; R\u00e8glement particulier V\u00e9hicules Historiques de Comp\u00e9tition 1.3 &#8211; Information affichage officiel 1.4 &#8211; Additif Organisation No1 1.5 &#8211; Additif Organisation No2 1.6 &#8211; Lieux utiles 2- Additif 2.1 &#8211; Bulletin&nbsp;d&rsquo;engagement 2.2 &#8211; Fiche&hellip;<\/p>\n<p class=\"more-link-p\"><a class=\"btn btn-default\" href=\"http:\/\/www.rallyepaysdesaintyrieix.com\/?page_id=3975\">Read more<\/a><\/p>\n","protected":false},"author":1,"featured_media":0,"parent":0,"menu_order":2,"comment_status":"closed","ping_status":"closed","template":"","meta":{"ngg_post_thumbnail":0,"footnotes":""},"class_list":["post-3975","page","type-page","status-publish","hentry"],"_links":{"self":[{"href":"http:\/\/www.rallyepaysdesaintyrieix.com\/index.php?rest_route=\/wp\/v2\/pages\/3975"}],"collection":[{"href":"http:\/\/www.rallyepaysdesaintyrieix.com\/index.php?rest_route=\/wp\/v2\/pages"}],"about":[{"href":"http:\/\/www.rallyepaysdesaintyrieix.com\/index.php?rest_route=\/wp\/v2\/types\/page"}],"author":[{"embeddable":true,"href":"http:\/\/www.rallyepaysdesaintyrieix.com\/index.php?rest_route=\/wp\/v2\/users\/1"}],"replies":[{"embeddable":true,"href":"http:\/\/www.rallyepaysdesaintyrieix.com\/index.php?rest_route=%2Fwp%2Fv2%2Fcomments&post=3975"}],"version-history":[{"count":112,"href":"http:\/\/www.rallyepaysdesaintyrieix.com\/index.php?rest_route=\/wp\/v2\/pages\/3975\/revisions"}],"predecessor-version":[{"id":5842,"href":"http:\/\/www.rallyepaysdesaintyrieix.com\/index.php?rest_route=\/wp\/v2\/pages\/3975\/revisions\/5842"}],"wp:attachment":[{"href":"http:\/\/www.rallyepaysdesaintyrieix.com\/index.php?rest_route=%2Fwp%2Fv2%2Fmedia&parent=3975"}],"curies":[{"name":"wp","href":"https:\/\/api.w.org\/{rel}","templated":true}]}}